{"version":"1.0","provider_name":"Des tranch\u00e9es aux barricades","provider_url":"https:\/\/www.destrancheesauxbarricades.com","author_name":"Admin","author_url":"https:\/\/www.destrancheesauxbarricades.com\/index.php\/author\/romuald\/","title":"L\u00e9gion espagnole - Des tranch\u00e9es aux barricades","type":"rich","width":600,"height":338,"html":"<blockquote class=\"wp-embedded-content\" data-secret=\"0uPId888Cs\"><a href=\"https:\/\/www.destrancheesauxbarricades.com\/index.php\/2022\/07\/17\/legion-espagnole\/\">L\u00e9gion espagnole<\/a><\/blockquote><iframe sandbox=\"allow-scripts\" security=\"restricted\" src=\"https:\/\/www.destrancheesauxbarricades.com\/index.php\/2022\/07\/17\/legion-espagnole\/embed\/#?secret=0uPId888Cs\" width=\"600\" height=\"338\" title=\"\u00ab\u00a0L\u00e9gion espagnole\u00a0\u00bb &#8212; Des tranch\u00e9es aux barricades\" data-secret=\"0uPId888Cs\" frameborder=\"0\" marginwidth=\"0\" marginheight=\"0\" scrolling=\"no\" class=\"wp-embedded-content\"><\/iframe><script type=\"text\/javascript\">\n\/* <![CDATA[ *\/\n\/*! This file is auto-generated *\/\n!function(d,l){\"use strict\";l.querySelector&&d.addEventListener&&\"undefined\"!=typeof URL&&(d.wp=d.wp||{},d.wp.receiveEmbedMessage||(d.wp.receiveEmbedMessage=function(e){var t=e.data;if((t||t.secret||t.message||t.value)&&!\/[^a-zA-Z0-9]\/.test(t.secret)){for(var s,r,n,a=l.querySelectorAll('iframe[data-secret=\"'+t.secret+'\"]'),o=l.querySelectorAll('blockquote[data-secret=\"'+t.secret+'\"]'),c=new RegExp(\"^https?:$\",\"i\"),i=0;i<o.length;i++)o[i].style.display=\"none\";for(i=0;i<a.length;i++)s=a[i],e.source===s.contentWindow&&(s.removeAttribute(\"style\"),\"height\"===t.message?(1e3<(r=parseInt(t.value,10))?r=1e3:~~r<200&&(r=200),s.height=r):\"link\"===t.message&&(r=new URL(s.getAttribute(\"src\")),n=new URL(t.value),c.test(n.protocol))&&n.host===r.host&&l.activeElement===s&&(d.top.location.href=t.value))}},d.addEventListener(\"message\",d.wp.receiveEmbedMessage,!1),l.addEventListener(\"DOMContentLoaded\",function(){for(var e,t,s=l.querySelectorAll(\"iframe.wp-embedded-content\"),r=0;r<s.length;r++)(t=(e=s[r]).getAttribute(\"data-secret\"))||(t=Math.random().toString(36).substring(2,12),e.src+=\"#?secret=\"+t,e.setAttribute(\"data-secret\",t)),e.contentWindow.postMessage({message:\"ready\",secret:t},\"*\")},!1)))}(window,document);\n\/\/# sourceURL=https:\/\/www.destrancheesauxbarricades.com\/wp-includes\/js\/wp-embed.min.js\n\/* ]]> *\/\n<\/script>\n","thumbnail_url":"https:\/\/www.destrancheesauxbarricades.com\/wp-content\/uploads\/2022\/07\/3-scaled.jpg","thumbnail_width":2560,"thumbnail_height":1921,"description":"Le 17 juillet 1936, le soul\u00e8vement militaire contre le gouvernement r\u00e9publicain d\u00e9bute au Maroc espagnol. Dirig\u00e9e par Francisco Franco, l\u2019arm\u00e9e espagnole d\u2019Afrique qui comprenait alors la L\u00e9gion espagnole et les Forces r\u00e9guli\u00e8res indig\u00e8nes d\u00e9barque en Espagne au mois d\u2019ao\u00fbt de la m\u00eame ann\u00e9e. L\u2019avanc\u00e9e implacable de la L\u00e9gion et des Regulares fait basculer quasiment l\u2019int\u00e9gralit\u00e9 de l\u2019ouest espagnol dans le camp nationaliste d\u00e8s la fin du mois de septembre 1936. L\u00e9gionnaires Baraka Games and Miniatures peints par Romu."}